{"id":5930,"date":"2019-03-05T08:07:07","date_gmt":"2019-03-05T08:07:07","guid":{"rendered":"http:\/\/www.fundaciongarciasineriz.es\/fundacionjgs\/?page_id=5930\/"},"modified":"2025-11-26T10:39:02","modified_gmt":"2025-11-26T10:39:02","slug":"inicio","status":"publish","type":"page","link":"https:\/\/www.fundaciongarciasineriz.es\/en\/","title":{"rendered":"Home"},"content":{"rendered":"<div class=\"wpb-content-wrapper\"><p>[vc_row full_width=&#8221;stretch_row_content&#8221;][vc_column]\n\t\t\t\t<p class=\"rs-p-wp-fix\"><\/p>\n\t\t\t\t<sr7-module data-alias=\"fjgs-slider-en\" data-id=\"2\" id=\"SR7_2_1\" class=\"rs-ov-hidden\" data-version=\"6.7.52\">\n\t\t\t\t\t<sr7-adjuster><\/sr7-adjuster>\n\t\t\t\t\t<sr7-content>\n\t\t\t\t\t\t<sr7-slide id=\"SR7_2_1-6\" data-key=\"6\">\n\t\t\t\t\t\t\t<sr7-bg id=\"SR7_2_1-6-4\" class=\"sr7-layer\"><noscript><img decoding=\"async\" src=\"https:\/\/www.fundaciongarciasineriz.es\/wp-content\/uploads\/2018\/08\/01-corte-geologico.png\" alt=\"\" title=\"01-corte-geologico\"><\/noscript><\/sr7-bg>\n\t\t\t\t\t\t\t<h1 id=\"SR7_2_1-6-2\" class=\"sr7-layer\"><div style=\"text-align:right;\">XXVIII Announcement<\/br>of Jos\u00e9 Garc\u00eda-Si\u00f1eriz<\/br>Geophysic Awards<\/div><\/h1>\n\t\t\t\t\t\t<\/sr7-slide>\n\t\t\t\t\t\t<sr7-slide id=\"SR7_2_1-7\" data-key=\"7\">\n\t\t\t\t\t\t\t<sr7-bg id=\"SR7_2_1-7-4\" class=\"sr7-layer\"><noscript><img decoding=\"async\" src=\"https:\/\/www.fundaciongarciasineriz.es\/wp-content\/uploads\/2018\/08\/02-jgarciasineriz.png\" alt=\"\" title=\"02-jgarciasineriz\"><\/noscript><\/sr7-bg>\n\t\t\t\t\t\t\t<h1 id=\"SR7_2_1-7-2\" class=\"sr7-layer\"><div style=\"text-align:right;\">Know the life of<\/br>Jos\u00e9 Garc\u00eda-Si\u00f1eriz<\/br>y Pardomoscoso<\/div><\/h1>\n\t\t\t\t\t\t<\/sr7-slide>\n\t\t\t\t\t\t<sr7-slide id=\"SR7_2_1-8\" data-key=\"8\">\n\t\t\t\t\t\t\t<sr7-bg id=\"SR7_2_1-8-4\" class=\"sr7-layer\"><noscript><img decoding=\"async\" src=\"https:\/\/www.fundaciongarciasineriz.es\/wp-content\/uploads\/2019\/02\/03-escuela-minas.png\" alt=\"\" title=\"03-escuela-minas\"><\/noscript><\/sr7-bg>\n\t\t\t\t\t\t\t<h1 id=\"SR7_2_1-8-2\" class=\"sr7-layer\"><div style=\"text-align:right;\">More information<\/br>about Jos\u00e9 Garc\u00eda-<\/br>Si\u00f1eriz Foundation<\/div><\/h1>\n\t\t\t\t\t\t<\/sr7-slide>\n\t\t\t\t\t\t<sr7-slide id=\"SR7_2_1-5\" data-key=\"5\">\n\t\t\t\t\t\t\t<sr7-bg id=\"SR7_2_1-5-4\" class=\"sr7-layer\"><noscript><img decoding=\"async\" src=\"https:\/\/www.fundaciongarciasineriz.es\/wp-content\/uploads\/2018\/08\/04-fotos.png\" alt=\"\" title=\"04-fotos\"><\/noscript><\/sr7-bg>\n\t\t\t\t\t\t\t<h1 id=\"SR7_2_1-5-2\" class=\"sr7-layer\"><div style=\"text-align:right;\">Photographs of<\/br>the J. Garc\u00eda-Si\u00f1eriz<\/br>Foundation events<\/div><\/h1>\n\t\t\t\t\t\t<\/sr7-slide>\n\t\t\t\t\t\t<sr7-slide id=\"SR7_2_1-10\" data-key=\"10\">\n\t\t\t\t\t\t<\/sr7-slide>\n\t\t\t\t\t<\/sr7-content>\n\t\t\t\t\t<image_lists style=\"display:none\">\n\t\t\t\t\t\t<img data-src=\"\/\/www.fundaciongarciasineriz.es\/wp-content\/uploads\/2018\/08\/04-fotos.png\" width=\"0\" height=\"0\" data-dbsrc=\"Ly93d3cuZnVuZGFjaW9uZ2FyY2lhc2luZXJpei5lcy93cC1jb250ZW50L3VwbG9hZHMvMjAxOC8wOC8wNC1mb3Rvcy5wbmc=\"\/>\n\t\t\t\t\t\t<img data-src=\"\/\/www.fundaciongarciasineriz.es\/wp-content\/uploads\/2018\/08\/01-corte-geologico.png\" width=\"0\" height=\"0\" data-dbsrc=\"Ly93d3cuZnVuZGFjaW9uZ2FyY2lhc2luZXJpei5lcy93cC1jb250ZW50L3VwbG9hZHMvMjAxOC8wOC8wMS1jb3J0ZS1nZW9sb2dpY28ucG5n\"\/>\n\t\t\t\t\t\t<img data-src=\"\/\/www.fundaciongarciasineriz.es\/wp-content\/uploads\/2018\/08\/02-jgarciasineriz.png\" width=\"0\" height=\"0\" data-dbsrc=\"Ly93d3cuZnVuZGFjaW9uZ2FyY2lhc2luZXJpei5lcy93cC1jb250ZW50L3VwbG9hZHMvMjAxOC8wOC8wMi1qZ2FyY2lhc2luZXJpei5wbmc=\"\/>\n\t\t\t\t\t\t<img data-src=\"\/\/www.fundaciongarciasineriz.es\/wp-content\/uploads\/2019\/02\/03-escuela-minas.png\" width=\"0\" height=\"0\" data-dbsrc=\"Ly93d3cuZnVuZGFjaW9uZ2FyY2lhc2luZXJpei5lcy93cC1jb250ZW50L3VwbG9hZHMvMjAxOS8wMi8wMy1lc2N1ZWxhLW1pbmFzLnBuZw==\"\/>\n\t\t\t\t\t<\/image_lists>\n\t\t\t\t<\/sr7-module>\n\t\t\t\t<script>\n\t\t\t\t\twindow.SR7 ??={};SR7.PMH ??={}; SR7.PMH[\"SR7_2_1\"] = {cn:100,state:false,fn: function() { if (window._tpt!==undefined && window._tpt.prepareModuleHeight !== undefined) {  _tpt.prepareModuleHeight({id:\"SR7_2_1\",el:[400,400,400,400,480],type:'standard',shdw:'0',gh:[400,400,400,400,480],gw:[1240,1240,1240,1240,720],vpt:['100px&#039;,&#039;100px&#039;,&#039;100px&#039;,&#039;100px&#039;,&#039;100px'],size:{fullWidth:false, fullHeight:false},mh:'0',onh:0,onw:0,bg:{color:'{\"orig\":\"transparent\",\"type\":\"solid\",\"string\":\"transparent\"}'},plType:'0',plColor:'#FFFFFF'});   SR7.PMH[\"SR7_2_1\"].state=true;} else if(SR7.PMH[\"SR7_2_1\"].cn-->0)\tsetTimeout( SR7.PMH[\"SR7_2_1\"].fn,19);}};SR7.PMH[\"SR7_2_1\" ].fn();\n\t\t\t\t<\/script>\n[vc_message]As a consequence of the academic interruption decreed and the difficulties that have arisen in the research centers, the announcement of the call for prizes corresponding to this year is postponed, moving it to a date to be determined by the Board of Trustees in the coming months.[\/vc_message][\/vc_column][vc_column][\/vc_column][\/vc_row][vc_row css=&#8221;.vc_custom_1550038599011{margin-top: 75px !important;}&#8221; el_id=&#8221;premios&#8221;][vc_column][lab_blog_posts masonry=&#8221;masonry&#8221; hover_layer_icon=&#8221;static&#8221; image_size=&#8221;360&#215;500&#8243; blog_query=&#8221;size:6|order_by:date|order:DESC|post_type:post|categories:87&#8243;][\/vc_column][\/vc_row][vc_row full_width=&#8221;stretch_row&#8221; css=&#8221;.vc_custom_1550033781929{padding-top: 20px !important;padding-bottom: 20px !important;background-color: #eae9ea !important;}&#8221;][vc_column width=&#8221;1\/3&#8243;][vc_column_text]<a href=\"https:\/\/www.fundaciongarciasineriz.es\/wp-content\/uploads\/2019\/02\/Folleto.pdf\" target=\"_blank\" rel=\"noopener noreferrer\"><img loading=\"lazy\" decoding=\"async\" class=\"aligncenter size-full wp-image-5868\" src=\"https:\/\/www.fundaciongarciasineriz.es\/wp-content\/uploads\/2019\/03\/folleto2019-en.png\" alt=\"\" width=\"200\" height=\"75\" \/><\/a>[\/vc_column_text][\/vc_column][vc_column width=&#8221;1\/3&#8243;][vc_column_text]<a href=\"https:\/\/www.facebook.com\/Fundaci%C3%B3n-J-Garc%C3%ADa-Si%C3%B1eriz-1618649964884389\/?modal=admin_todo_tour\" target=\"_blank\" rel=\"noopener noreferrer\"><img loading=\"lazy\" decoding=\"async\" class=\"aligncenter size-full wp-image-5868\" src=\"https:\/\/www.fundaciongarciasineriz.es\/wp-content\/uploads\/2019\/02\/fjgs-facebook.png\" alt=\"\" width=\"200\" height=\"75\" \/><\/a>[\/vc_column_text][\/vc_column][vc_column width=&#8221;1\/3&#8243;][vc_column_text]<a href=\"https:\/\/www.instagram.com\/fundaciongarciasineriz\/\" target=\"_blank\" rel=\"noopener noreferrer\"><img loading=\"lazy\" decoding=\"async\" class=\"aligncenter size-full wp-image-5868\" src=\"https:\/\/www.fundaciongarciasineriz.es\/wp-content\/uploads\/2019\/02\/fjgs-instagram-2019.png\" alt=\"\" width=\"200\" height=\"75\" \/><\/a>[\/vc_column_text][\/vc_column][\/vc_row][vc_row el_id=&#8221;productos&#8221; css=&#8221;.vc_custom_1550033090408{margin-top: 75px !important;}&#8221;][vc_column][lab_heading title_tag=&#8221;H1&#8243; title=&#8221;Latest Photographs&#8221; el_class=&#8221;separador&#8221;]XXVIII Call Awards giving ceremony[\/lab_heading][\/vc_column][\/vc_row][vc_row][vc_column][vc_images_carousel images=&#8221;7135,7133,7139,7137,7131,7129,7127,7125,7123&#8243; img_size=&#8221;full&#8221; onclick=&#8221;custom_link&#8221; css=&#8221;&#8221;][\/vc_column][\/vc_row][vc_row css=&#8221;.vc_custom_1550032672940{margin-top: 75px !important;}&#8221;][vc_column][lab_heading title_tag=&#8221;H1&#8243; title=&#8221;In Memoriam&#8221; el_class=&#8221;separador&#8221;][\/lab_heading][\/vc_column][\/vc_row][vc_row full_width=&#8221;stretch_row&#8221; css=&#8221;.vc_custom_1591872543462{margin-bottom: 75px !important;padding-top: 40px !important;padding-bottom: 40px !important;background-color: #eae9ea !important;}&#8221; el_class=&#8221;inmemoriamen&#8221;][vc_column width=&#8221;1\/3&#8243;][vc_single_image image=&#8221;1026&#8243; alignment=&#8221;center&#8221; style=&#8221;vc_box_circle&#8221;][vc_column_text]<\/p>\n<h3 style=\"text-align: center;\">Dr. Alfonso L\u00f3pez Arroyo<\/h3>\n<p>[\/vc_column_text][vc_btn title=&#8221;MORE INFO&#8221; shape=&#8221;square&#8221; color=&#8221;white&#8221; align=&#8221;center&#8221; link=&#8221;url:https%3A%2F%2Fwww.fundaciongarciasineriz.es%2Fwp-content%2Fuploads%2Fattachments%2Falfonso_lopez_arroyo-en.pdf|title:MORE%20INFO|target:%20_blank|&#8221;][\/vc_column][vc_column width=&#8221;1\/3&#8243;][vc_single_image image=&#8221;1027&#8243; alignment=&#8221;center&#8221; style=&#8221;vc_box_circle&#8221;][vc_column_text]<\/p>\n<h3 style=\"text-align: center;\">Dr. \u00c1ngel Garc\u00eda Yag\u00fce<\/h3>\n<p>[\/vc_column_text][vc_btn title=&#8221;MORE INFO&#8221; shape=&#8221;square&#8221; color=&#8221;white&#8221; align=&#8221;center&#8221; link=&#8221;url:https%3A%2F%2Fwww.fundaciongarciasineriz.es%2Fwp-content%2Fuploads%2Fattachments%2FGarcia_Yague_EN.pdf|title:MORE%20INFO|target:%20_blank|&#8221;][\/vc_column][vc_column width=&#8221;1\/3&#8243;][vc_single_image image=&#8221;1028&#8243; alignment=&#8221;center&#8221; style=&#8221;vc_box_circle&#8221;][vc_column_text]<\/p>\n<h3 style=\"text-align: center;\">Dr. \u00c1lvaro F. Espinosa<\/h3>\n<p>[\/vc_column_text][vc_btn title=&#8221;MORE INFO&#8221; shape=&#8221;square&#8221; color=&#8221;white&#8221; align=&#8221;center&#8221; link=&#8221;url:https%3A%2F%2Fwww.fundaciongarciasineriz.es%2Fwp-content%2Fuploads%2Fattachments%2FAlvaro_EN.pdf|title:MORE%20INFO|target:%20_blank|&#8221;][\/vc_column][\/vc_row][vc_row el_id=&#8221;foundation&#8221; css=&#8221;.vc_custom_1551818329013{margin-top: 75px !important;}&#8221;][vc_column width=&#8221;1\/3&#8243;][vc_single_image image=&#8221;5918&#8243; img_size=&#8221;medium&#8221; alignment=&#8221;right&#8221; css=&#8221;.vc_custom_1550073842155{padding-top: 35px !important;}&#8221;][\/vc_column][vc_column width=&#8221;2\/3&#8243; css=&#8221;.vc_custom_1532515822166{padding-right: 100px !important;}&#8221;][vc_column_text el_class=&#8221;nosotros&#8221;]<\/p>\n<h2>Foundation<\/h2>\n<h3>General info<\/h3>\n<p>J. Garc\u00eda-Si\u00f1eriz Foundation, was constituted in Madrid, on 15 of July of 1974. It is a body of benefical-educational character, to promote studies and investigations in Geophysics.<\/p>\n<p>Since 1994, the Foundation following the founder\u00b4s testament is giving prizes to graduates of diferent schools of geophysics.<\/p>\n<p>J. Garc\u00eda-Si\u00f1eriz Foundation, of benefical-educational character, is constituted on 15 of July of 1974 by the will of its founder Jos\u00e9 Garc\u00eda-Si\u00f1eriz. It is aimed to \u201cgrant one or more prizes to scientific works on pure or applied geophysics, done by engineers or doctors who have attended geophysical subjets to obtain their respective title.\u201d<\/p>\n<p>The Foundation \u201cis ruled, governed and administered by a patronage constituted by a President, a General Secretary and three Vowels.\u201d[\/vc_column_text][\/vc_column][\/vc_row][vc_row css=&#8221;.vc_custom_1591873446716{margin-top: 25px !important;margin-bottom: 50px !important;padding-top: 80px !important;}&#8221; el_id=&#8221;contact&#8221; el_class=&#8221;contacttext&#8221;][vc_column width=&#8221;8\/12&#8243;][vc_gmaps link=&#8221;#E-8_JTNDaWZyYW1lJTIwc3JjJTNEJTIyaHR0cHMlM0ElMkYlMkZ3d3cuZ29vZ2xlLmNvbSUyRm1hcHMlMkZlbWJlZCUzRnBiJTNEJTIxMW0xNCUyMTFtOCUyMTFtMyUyMTFkMTIxNDUuOTA4NDYzMDE5NDc2JTIxMmQtMy43MDA3ODgyJTIxM2Q0MC40NDI1NzU4JTIxM20yJTIxMWkxMDI0JTIxMmk3NjglMjE0ZjEzLjElMjEzbTMlMjExbTIlMjExczB4MCUyNTNBMHgyYzg1N2M3MDA2ODRhMTYlMjEyelJuVnVaR0ZqYWNPemJpQktMaUJIWVhKanc2MWhMVk5wdzdGbGNtbDYlMjE1ZTAlMjEzbTIlMjExc2VzJTIxMnNlcyUyMTR2MTUzNDk1Mjg2MzcyNiUyMiUyMHdpZHRoJTNEJTIyNjAwJTIyJTIwaGVpZ2h0JTNEJTIyMjUwJTIyJTIwZnJhbWVib3JkZXIlM0QlMjIwJTIyJTIwc3R5bGUlM0QlMjJib3JkZXIlM0EwJTIyJTIwYWxsb3dmdWxsc2NyZWVuJTNFJTNDJTJGaWZyYW1lJTNF&#8221; size=&#8221;&#8221; css=&#8221;.vc_custom_1534952889864{margin-top: 50px !important;border-top-width: 0px !important;border-right-width: 0px !important;border-bottom-width: 0px !important;border-left-width: 0px !important;}&#8221;][\/vc_column][vc_column width=&#8221;4\/12&#8243;][vc_column_text css=&#8221;.vc_custom_1552432476899{padding-top: 80px !important;padding-right: 50px !important;padding-bottom: 25px !important;padding-left: 25px !important;}&#8221; el_class=&#8221;contacto&#8221;]<\/p>\n<h2>Contact<\/h2>\n<h3><\/h3>\n<p>C\/ Alenza, 1.<br \/>\n28003 Madrid (Espa\u00f1a)<\/p>\n<p>(34) 91 441 7921<br \/>\n(34) 91 442 2656<\/p>\n<p><a href=\"mailto:fjgs.minasyenergia@upm.es\">fjgs.minasyenergia@upm.es<\/a>[\/vc_column_text][\/vc_column][\/vc_row]<\/p>\n<\/div>","protected":false},"excerpt":{"rendered":"<p>[vc_row full_width=&#8221;stretch_row_content&#8221;][vc_column][vc_message]As a consequence of the academic interruption decreed and the difficulties that have arisen in the research centers, the announcement of the call for prizes corresponding to this year is postponed, moving it to a date to be determined by the Board of Trustees in the coming months.[\/vc_message][\/vc_column][vc_column][\/vc_column][\/vc_row][vc_row css=&#8221;.vc_custom_1550038599011{margin-top: 75px !important;}&#8221; el_id=&#8221;premios&#8221;][vc_column][lab_blog_posts masonry=&#8221;masonry&#8221; hover_layer_icon=&#8221;static&#8221;&hellip;<\/p>\n","protected":false},"author":1,"featured_media":0,"parent":0,"menu_order":0,"comment_status":"closed","ping_status":"closed","template":"","meta":{"_acf_changed":false,"inline_featured_image":false,"footnotes":""},"class_list":["post-5930","page","type-page","status-publish","hentry"],"acf":[],"_links":{"self":[{"href":"https:\/\/www.fundaciongarciasineriz.es\/en\/wp-json\/wp\/v2\/pages\/5930","targetHints":{"allow":["GET"]}}],"collection":[{"href":"https:\/\/www.fundaciongarciasineriz.es\/en\/wp-json\/wp\/v2\/pages"}],"about":[{"href":"https:\/\/www.fundaciongarciasineriz.es\/en\/wp-json\/wp\/v2\/types\/page"}],"author":[{"embeddable":true,"href":"https:\/\/www.fundaciongarciasineriz.es\/en\/wp-json\/wp\/v2\/users\/1"}],"replies":[{"embeddable":true,"href":"https:\/\/www.fundaciongarciasineriz.es\/en\/wp-json\/wp\/v2\/comments?post=5930"}],"version-history":[{"count":61,"href":"https:\/\/www.fundaciongarciasineriz.es\/en\/wp-json\/wp\/v2\/pages\/5930\/revisions"}],"predecessor-version":[{"id":7142,"href":"https:\/\/www.fundaciongarciasineriz.es\/en\/wp-json\/wp\/v2\/pages\/5930\/revisions\/7142"}],"wp:attachment":[{"href":"https:\/\/www.fundaciongarciasineriz.es\/en\/wp-json\/wp\/v2\/media?parent=5930"}],"curies":[{"name":"wp","href":"https:\/\/api.w.org\/{rel}","templated":true}]}}